{"id":246,"date":"2014-09-18T19:47:15","date_gmt":"2014-09-18T19:47:15","guid":{"rendered":"http:\/\/www.paroisse-saint-charles.fr\/?page_id=246"},"modified":"2021-02-02T17:42:49","modified_gmt":"2021-02-02T16:42:49","slug":"onction-des-malades-communion","status":"publish","type":"page","link":"http:\/\/paroisse-saint-charles.fr\/WordPress3\/onction-des-malades-communion\/","title":{"rendered":"Onction des malades et communion"},"content":{"rendered":"<p style=\"text-align: justify;\">Souvent, les malades se sentent isol\u00e9s et d\u00e9sirent recevoir la communion ainsi que l\u2019onction des malades. Il est souvent b\u00e9n\u00e9fique de leur proposer la venue d\u2019un pr\u00eatre. Chaque pr\u00eatre de la paroisse peut se rendre disponible pour porter l\u2019Eucharistie ou donner l\u2019onction des malades. N\u2019h\u00e9sitez pas \u00e0 faire appel \u00e0 l\u2019un d\u2019eux.<\/p>\n<p style=\"text-align: justify;\">Contact :<br \/>\nAbb\u00e9 Eloi Gillet &#8211; 06 74 65 73 51<br \/>\nAbb\u00e9 Vincent Marie-Jeanne &#8211; 07 62 08 89 82<\/p>\n","protected":false},"excerpt":{"rendered":"<p>Souvent, les malades se sentent isol\u00e9s et d\u00e9sirent recevoir la communion ainsi que l\u2019onction des malades. Il est souvent b\u00e9n\u00e9fique de leur proposer la venue d\u2019un pr\u00eatre. Chaque pr\u00eatre de la paroisse peut se rendre disponible pour porter l\u2019Eucharistie ou&#8230;<br \/><a class=\"read-more-button\" href=\"http:\/\/paroisse-saint-charles.fr\/WordPress3\/onction-des-malades-communion\/\">Savoir plus<\/a><\/p>\n","protected":false},"author":2,"featured_media":0,"parent":0,"menu_order":0,"comment_status":"closed","ping_status":"open","template":"","meta":{"footnotes":""},"class_list":["post-246","page","type-page","status-publish","hentry"],"_links":{"self":[{"href":"http:\/\/paroisse-saint-charles.fr\/WordPress3\/wp-json\/wp\/v2\/pages\/246","targetHints":{"allow":["GET"]}}],"collection":[{"href":"http:\/\/paroisse-saint-charles.fr\/WordPress3\/wp-json\/wp\/v2\/pages"}],"about":[{"href":"http:\/\/paroisse-saint-charles.fr\/WordPress3\/wp-json\/wp\/v2\/types\/page"}],"author":[{"embeddable":true,"href":"http:\/\/paroisse-saint-charles.fr\/WordPress3\/wp-json\/wp\/v2\/users\/2"}],"replies":[{"embeddable":true,"href":"http:\/\/paroisse-saint-charles.fr\/WordPress3\/wp-json\/wp\/v2\/comments?post=246"}],"version-history":[{"count":3,"href":"http:\/\/paroisse-saint-charles.fr\/WordPress3\/wp-json\/wp\/v2\/pages\/246\/revisions"}],"predecessor-version":[{"id":9260,"href":"http:\/\/paroisse-saint-charles.fr\/WordPress3\/wp-json\/wp\/v2\/pages\/246\/revisions\/9260"}],"wp:attachment":[{"href":"http:\/\/paroisse-saint-charles.fr\/WordPress3\/wp-json\/wp\/v2\/media?parent=246"}],"curies":[{"name":"wp","href":"https:\/\/api.w.org\/{rel}","templated":true}]}}