{"id":85,"date":"2014-08-20T20:26:13","date_gmt":"2014-08-20T20:26:13","guid":{"rendered":"http:\/\/www.paroisse-saint-charles.fr\/?page_id=85"},"modified":"2020-08-18T17:49:50","modified_gmt":"2020-08-18T15:49:50","slug":"conference-saint-vincent-de-paul","status":"publish","type":"page","link":"http:\/\/paroisse-saint-charles.fr\/WordPress3\/conference-saint-vincent-de-paul\/","title":{"rendered":"Conf\u00e9rence Saint Vincent de Paul"},"content":{"rendered":"<p><img loading=\"lazy\" decoding=\"async\" class=\"alignleft wp-image-176 size-medium\" src=\"http:\/\/paroisse-saint-charles.fr\/WordPress3\/wp-content\/uploads\/2014\/08\/Frederic_Ozanam-245x300.jpg\" alt=\"Frederic Ozanam\" width=\"245\" height=\"300\" data-id=\"176\" srcset=\"http:\/\/paroisse-saint-charles.fr\/WordPress3\/wp-content\/uploads\/2014\/08\/Frederic_Ozanam-245x300.jpg 245w, http:\/\/paroisse-saint-charles.fr\/WordPress3\/wp-content\/uploads\/2014\/08\/Frederic_Ozanam-600x732.jpg 600w, http:\/\/paroisse-saint-charles.fr\/WordPress3\/wp-content\/uploads\/2014\/08\/Frederic_Ozanam.jpg 800w\" sizes=\"auto, (max-width: 245px) 100vw, 245px\" \/><\/p>\n<p style=\"text-align: justify; font-size:16px;\">\n<span class=\"lettrine\">I<\/span>l existe un lien \u00e9troit entre la paroisse Saint-Charles et Fr\u00e9deric Ozanam, le fondateur de la Soci\u00e9t\u00e9 de Saint-Vincent-de-Paul, puisque c&rsquo;est l\u00e0 qu&rsquo;il fut enterr\u00e9 au milieu du XIX\u00e8me si\u00e8cle. Il convenait donc que la paroisse lui rende honneur en prolongeant son \u0153uvre.<\/p>\n<h4 style=\"text-align: justify; font-size:16px;\"><span style=\"color: #333399;\"><strong>Petite pr\u00e9sentation :<\/strong><\/span><\/h4>\n<p style=\"text-align: justify; font-size:16px;\"><span class=\"lettrine\">L<\/span>a Soci\u00e9t\u00e9 de Saint-Vincent-de-Paul est une association caritative catholique, locale, nationale et internationale, reconnue d&rsquo;utilit\u00e9 publique, qui regroupe 700 000 membres dans le monde dont 17 000 en France.<\/p>\n<p style=\"text-align: justify; font-size:16px;\"><span class=\"lettrine\">E<\/span>lle a \u00e9t\u00e9 fond\u00e9e \u00e0 Paris le 23 avril 1833 par un jeune \u00e9tudiant de 20 ans et ses amis, Fr\u00e9d\u00e9ric Ozanam (Milan 23 avril 1813 &#8211; Marseille 8 septembre 1853), b\u00e9atifi\u00e9 le 22 ao\u00fbt 1997 \u00e0 Paris au cours des JMJ par le Pape Jean-Paul II. Fr\u00e9d\u00e9ric Ozanam a mis tout son savoir quasi universel au service des plus pauvres. Pr\u00e9curseur du catholicisme social en France, il a jet\u00e9 les bases du droit social fran\u00e7ais.<\/p>\n<p style=\"text-align: justify; font-size:16px;\"><span class=\"lettrine\">L<\/span>e but de la Soci\u00e9t\u00e9 de Saint-Vincent-de-Paul est la charit\u00e9 de proximit\u00e9. Elle se d\u00e9finit comme \u00e9tant une association de spiritualit\u00e9 \u00e0 finalit\u00e9 caritative et essaie de remettre debout l&rsquo;homme bless\u00e9 dans toute sa dimension spirituelle et mat\u00e9rielle en lui redonnant sa dignit\u00e9. Elle s&rsquo;oppose \u00e0 l&rsquo;assistanat qui d\u00e9grade l&rsquo;homme. La vocation des membres de la Soci\u00e9t\u00e9 de Saint-Vincent-de-Paul est de suivre le Christ en servant ceux qui sont dans le besoin et de porter ainsi t\u00e9moignage de son amour.<br \/>\nA son initiative, la solitude a \u00e9t\u00e9 d\u00e9clar\u00e9e grande cause nationale en 2011.<\/p>\n<p style=\"text-align: justify; font-size:16px;\"><span class=\"lettrine\">A<\/span> Marseille, la SSVP est active depuis 1844 et regroupe 160 membres \u00e0 travers ses 16 conf\u00e9rences (petits groupes de 10 personnes environ). Elle est \u00e0 l&rsquo;origine de nombreuses activit\u00e9s dont la principale est la visite \u00e0 domicile mais aussi l&rsquo;aide alimentaire, l&rsquo;alphab\u00e9tisation, l&rsquo;aide aux devoirs, l&rsquo;organisation de repas pour rompre la solitude. Cette liste n&rsquo;est pas exhaustive.<\/p>\n<p style=\"text-align: justify; font-size:16px;\"><span class=\"lettrine\">E<\/span>lle poss\u00e8de trois \u0153uvres sp\u00e9cialis\u00e9es : la Maison Fr\u00e9d\u00e9ric Ozanam (accueil g\u00e9n\u00e9ral et si\u00e8ge social), la Sauvageonne (maison de vacances situ\u00e9e \u00e0 Aix-en-Provence) qui re\u00e7oit des personnes \u00e2g\u00e9es de juin \u00e0 septembre et des \u00e9tudiants pendant l&rsquo;ann\u00e9e universitaire, le Relais Ozanam et le Studioz destin\u00e9s \u00e0 l&rsquo;accueil de parents de personnes hospitalis\u00e9es.<\/p>\n<p style=\"text-align: justify; font-size:16px;\"><span class=\"lettrine\">A<\/span>fin de continuer son action aupr\u00e8s des plus pauvres pour les remettre debout, la SSVP a besoin de vous : venez nous rejoindre pour \u00ab\u00a0Aimer, partager, servir\u00a0\u00bb !<\/p>\n<p style=\"text-align: justify; font-size:16px;\"><span class=\"lettrine\">C<\/span>ontact sur la paroisse Saint-Charles :<br \/>\nLaetitia Pillet &#8211;\u00a0laetitiavillemain@gmail.com &#8211; 06 64 87 38 61<\/p>\n<p style=\"text-align: justify; font-size:16px;\"><a href=\"http:\/\/www.ssvp.fr\" target=\"_blank\" rel=\"noopener noreferrer\">www.ssvp.fr<\/a><\/p>\n","protected":false},"excerpt":{"rendered":"<p>Il existe un lien \u00e9troit entre la paroisse Saint-Charles et Fr\u00e9deric Ozanam, le fondateur de la Soci\u00e9t\u00e9 de Saint-Vincent-de-Paul, puisque c&rsquo;est l\u00e0 qu&rsquo;il fut enterr\u00e9 au milieu du XIX\u00e8me si\u00e8cle. Il convenait donc que la paroisse lui rende honneur en&#8230;<br \/><a class=\"read-more-button\" href=\"http:\/\/paroisse-saint-charles.fr\/WordPress3\/conference-saint-vincent-de-paul\/\">Savoir plus<\/a><\/p>\n","protected":false},"author":2,"featured_media":0,"parent":0,"menu_order":0,"comment_status":"closed","ping_status":"open","template":"template-full-width.php","meta":{"footnotes":""},"class_list":["post-85","page","type-page","status-publish","hentry"],"_links":{"self":[{"href":"http:\/\/paroisse-saint-charles.fr\/WordPress3\/wp-json\/wp\/v2\/pages\/85","targetHints":{"allow":["GET"]}}],"collection":[{"href":"http:\/\/paroisse-saint-charles.fr\/WordPress3\/wp-json\/wp\/v2\/pages"}],"about":[{"href":"http:\/\/paroisse-saint-charles.fr\/WordPress3\/wp-json\/wp\/v2\/types\/page"}],"author":[{"embeddable":true,"href":"http:\/\/paroisse-saint-charles.fr\/WordPress3\/wp-json\/wp\/v2\/users\/2"}],"replies":[{"embeddable":true,"href":"http:\/\/paroisse-saint-charles.fr\/WordPress3\/wp-json\/wp\/v2\/comments?post=85"}],"version-history":[{"count":17,"href":"http:\/\/paroisse-saint-charles.fr\/WordPress3\/wp-json\/wp\/v2\/pages\/85\/revisions"}],"predecessor-version":[{"id":8859,"href":"http:\/\/paroisse-saint-charles.fr\/WordPress3\/wp-json\/wp\/v2\/pages\/85\/revisions\/8859"}],"wp:attachment":[{"href":"http:\/\/paroisse-saint-charles.fr\/WordPress3\/wp-json\/wp\/v2\/media?parent=85"}],"curies":[{"name":"wp","href":"https:\/\/api.w.org\/{rel}","templated":true}]}}