{"id":243,"date":"2014-09-18T19:42:11","date_gmt":"2014-09-18T19:42:11","guid":{"rendered":"http:\/\/www.paroisse-saint-charles.fr\/?page_id=243"},"modified":"2020-09-15T17:08:18","modified_gmt":"2020-09-15T15:08:18","slug":"confirmation","status":"publish","type":"page","link":"https:\/\/paroisse-saint-charles.fr\/WordPress3\/confirmation\/","title":{"rendered":"Confirmation"},"content":{"rendered":"<p style=\"text-align: justify;\">La confirmation, troisi\u00e8me sacrement de l\u2019initiation chr\u00e9tienne, permet au chr\u00e9tien de passer \u00e0 la vie adulte de la foi. Par la confirmation, le chr\u00e9tien devient un membre actif de l\u2019\u00c9glise.<\/p>\n<p style=\"text-align: justify;\">Le sacrement de la confirmation est donn\u00e9 \u00e0 la fin de la 6\u00e8me ou de la 5\u00e8me, apr\u00e8s une ann\u00e9e de pr\u00e9paration au cat\u00e9chisme.<\/p>\n<p style=\"text-align: justify;\">Tout adulte qui n\u2019est pas confirm\u00e9 peut et est appel\u00e9 \u00e0 recevoir \u00e9galement ce sacrement. Une pr\u00e9paration de six mois est propos\u00e9e avec un pr\u00eatre. La c\u00e9r\u00e9monie est la m\u00eame que pour les plus jeunes.<\/p>\n<p style=\"text-align: justify;\">C\u2019est l\u2019\u00e9v\u00eaque qui est le ministre ordinaire de la confirmation. La date de la confirmation sera communiqu\u00e9e prochainement.<\/p>\n<p style=\"text-align: justify;\">Contact :<br \/>\nAbb\u00e9 Eloi Gillet &#8211; 06 74 65 73 51<\/p>\n","protected":false},"excerpt":{"rendered":"<p>La confirmation, troisi\u00e8me sacrement de l\u2019initiation chr\u00e9tienne, permet au chr\u00e9tien de passer \u00e0 la vie adulte de la foi. Par la confirmation, le chr\u00e9tien devient un membre actif de l\u2019\u00c9glise. Le sacrement de la confirmation est donn\u00e9 \u00e0 la fin&#8230;<br \/><a class=\"read-more-button\" href=\"https:\/\/paroisse-saint-charles.fr\/WordPress3\/confirmation\/\">Savoir plus<\/a><\/p>\n","protected":false},"author":2,"featured_media":0,"parent":0,"menu_order":0,"comment_status":"closed","ping_status":"open","template":"","meta":{"footnotes":""},"class_list":["post-243","page","type-page","status-publish","hentry"],"_links":{"self":[{"href":"https:\/\/paroisse-saint-charles.fr\/WordPress3\/wp-json\/wp\/v2\/pages\/243","targetHints":{"allow":["GET"]}}],"collection":[{"href":"https:\/\/paroisse-saint-charles.fr\/WordPress3\/wp-json\/wp\/v2\/pages"}],"about":[{"href":"https:\/\/paroisse-saint-charles.fr\/WordPress3\/wp-json\/wp\/v2\/types\/page"}],"author":[{"embeddable":true,"href":"https:\/\/paroisse-saint-charles.fr\/WordPress3\/wp-json\/wp\/v2\/users\/2"}],"replies":[{"embeddable":true,"href":"https:\/\/paroisse-saint-charles.fr\/WordPress3\/wp-json\/wp\/v2\/comments?post=243"}],"version-history":[{"count":3,"href":"https:\/\/paroisse-saint-charles.fr\/WordPress3\/wp-json\/wp\/v2\/pages\/243\/revisions"}],"predecessor-version":[{"id":8977,"href":"https:\/\/paroisse-saint-charles.fr\/WordPress3\/wp-json\/wp\/v2\/pages\/243\/revisions\/8977"}],"wp:attachment":[{"href":"https:\/\/paroisse-saint-charles.fr\/WordPress3\/wp-json\/wp\/v2\/media?parent=243"}],"curies":[{"name":"wp","href":"https:\/\/api.w.org\/{rel}","templated":true}]}}