{"id":564,"date":"2015-02-09T13:15:56","date_gmt":"2015-02-09T13:15:56","guid":{"rendered":"http:\/\/www.paroisse-saint-charles.fr\/?page_id=564"},"modified":"2015-02-23T23:35:04","modified_gmt":"2015-02-23T22:35:04","slug":"messe-traditionnelle-marseille","status":"publish","type":"page","link":"https:\/\/paroisse-saint-charles.fr\/WordPress3\/messe-traditionnelle-marseille\/","title":{"rendered":"Messe traditionnelle Marseille"},"content":{"rendered":"<h4 style=\"text-align: justify;\"><span style=\"color: #333399;\">La liturgie traditionnelle ?<\/span><\/h4>\n<p style=\"text-align: justify;\">On entend souvent parler de nos jours de \u00ab\u00a0liturgie traditionnelle\u00a0\u00bb, \u00ab\u00a0messe traditionnelle\u00a0\u00bb, \u00ab\u00a0messe en latin\u00a0\u00bb, \u00ab\u00a0messe dos au peuple\u00a0\u00bb, \u00ab\u00a0messe de toujours\u00a0\u00bb, \u00ab\u00a0messe de Saint Pie V\u00a0\u00bb, \u00ab\u00a0messe tridentine\u00a0\u00bb, \u00ab\u00a0forme extraordinaire\u00a0\u00bb, par opposition \u00e0 \u00ab\u00a0la messe en fran\u00e7ais\u00a0\u00bb, \u00ab\u00a0face au peuple\u00a0\u00bb, \u00ab\u00a0de Paul VI\u00a0\u00bb ou \u00ab\u00a0en forme ordinaire\u00a0\u00bb.<\/p>\n<p style=\"text-align: justify;\">En fait, dans l&rsquo;une ou l&rsquo;autre forme, la messe reste ce qu&rsquo;elle est : le concile Vatican II, reprenant le concile de Trente nous enseigne que \u00ab\u00a0<em>notre Sauveur \u00e0 la derni\u00e8re C\u00e8ne&#8230; institua le sacrifice eucharistique de Son Corps et de Son Sang pour perp\u00e9tuer le sacrifice de la Croix au long des si\u00e8cles, jusqu&rsquo;\u00e0 ce qu&rsquo;Il vienne, et en outre pour confier \u00e0 l&rsquo;Eglise, Son \u00e9pouse bien aim\u00e9e, le m\u00e9morial de Sa mort et de Sa r\u00e9surrection<\/em>\u00ab\u00a0. Ainsi, sauf la mani\u00e8re d&rsquo;offrir qui est diff\u00e9rente, il y a identit\u00e9 entre le sacrifice de la Croix et son renouvellement sacramentel \u00e0 la messe que le Christ Seigneur a institu\u00e9 \u00e0 la derni\u00e8re C\u00e8ne et qu&rsquo;il a ordonn\u00e9 \u00e0 ses Ap\u00f4tres de faire en m\u00e9moire de Lui ; ainsi la messe est tout ensemble sacrifice de louange, d&rsquo;action de gr\u00e2ce, de propitiation et de satisfaction. Quant \u00e0 la liturgie dans son ensemble, qui ne comprend pas que la messe mais aussi les autres sacrements et l&rsquo;office divin, elle est l&rsquo;expression de la Foi de l&rsquo;Eglise, selon le vieil adage \u00ab\u00a0lex orandi, lex credendi\u00a0\u00bb (la r\u00e8gle de la pri\u00e8re fixe la r\u00e8gle de la foi)<\/p>\n<p style=\"text-align: justify;\"><img loading=\"lazy\" decoding=\"async\" class=\"alignleft wp-image-565 size-medium\" src=\"http:\/\/paroisse-saint-charles.fr\/WordPress3\/wp-content\/uploads\/2015\/02\/IMG_1761-300x200.jpg\" alt=\"\" width=\"300\" height=\"200\" data-id=\"565\" srcset=\"https:\/\/paroisse-saint-charles.fr\/WordPress3\/wp-content\/uploads\/2015\/02\/IMG_1761-300x200.jpg 300w, https:\/\/paroisse-saint-charles.fr\/WordPress3\/wp-content\/uploads\/2015\/02\/IMG_1761-1024x682.jpg 1024w, https:\/\/paroisse-saint-charles.fr\/WordPress3\/wp-content\/uploads\/2015\/02\/IMG_1761-320x213.jpg 320w, https:\/\/paroisse-saint-charles.fr\/WordPress3\/wp-content\/uploads\/2015\/02\/IMG_1761-956x637.jpg 956w, https:\/\/paroisse-saint-charles.fr\/WordPress3\/wp-content\/uploads\/2015\/02\/IMG_1761-196x131.jpg 196w, https:\/\/paroisse-saint-charles.fr\/WordPress3\/wp-content\/uploads\/2015\/02\/IMG_1761-148x100.jpg 148w, https:\/\/paroisse-saint-charles.fr\/WordPress3\/wp-content\/uploads\/2015\/02\/IMG_1761-156x104.jpg 156w\" sizes=\"auto, (max-width: 300px) 100vw, 300px\" \/>A Marseille, la paroisse Saint-Charles pratique la forme extraordinaire du rite romain, ant\u00e9rieure \u00e0 1962, conform\u00e9ment aux <em>motu proprio<\/em> (d\u00e9crets) \u00ab\u00a0Ecclesia Dei\u00a0\u00bb de Saint Jean Paul II de 1986 et \u00e0 celui de Beno\u00eet XVI \u00ab\u00a0Summorum Pontificum\u00a0\u00bb de 2007.<\/p>\n<p style=\"text-align: justify;\">Les livres liturgiques en usage, conform\u00e9ment \u00e0 ces deux d\u00e9crets, sont donc ceux en vigueur en 1962 (date qui correspond \u00e0 leur derni\u00e8re \u00e9dition avant la r\u00e9union du concile Vatican\u00a0II et les r\u00e9formes de 1965 et 1969). Contrairement \u00e0 une erreur commune, l\u2019usage de ces livres liturgiques n&rsquo;a jamais \u00e9t\u00e9 interdit ou abrog\u00e9.<\/p>\n<p style=\"text-align: justify;\">La premi\u00e8re caract\u00e9ristique du missel de 1962 est qu&rsquo;il est presque identique \u00e0 celui publi\u00e9 par Saint Pie\u00a0V en 1570, et qui lui-m\u00eame \u00e9tait semblable \u00e0 celui de 1474, lequel r\u00e9p\u00e8te d\u00e9j\u00e0 celui du pape Innocent\u00a0III (1216). Cependant les diverses parties de la messe, et leurs pri\u00e8res, conserv\u00e9es jusqu&rsquo;\u00e0 nous, ont fait leur apparition de fa\u00e7on progressive au long de l&rsquo;Histoire :<\/p>\n<ul>\n<li><span style=\"text-align: justify;\">le r\u00e9cit de l&rsquo;Institution et le Pater sont \u00e9videmment du I\u00b0 si\u00e8cle, puisqu&rsquo;ils sont tir\u00e9s des \u00e9vangiles et sont les paroles m\u00eames du Christ,<\/span><\/li>\n<li>d\u00e8s le deuxi\u00e8me si\u00e8cle apparaissent les deux parties de la messe : pr\u00e9dication et sacrifice,<\/li>\n<li>la r\u00e9citation du Pater, par le seul pr\u00eatre, existait d\u00e9j\u00e0 au temps de Saint Augustin (V\u00b0 si\u00e8cle),<\/li>\n<li>la forme d\u00e9finitive du Canon appara\u00eet au V\u00b0 si\u00e8cle \u00e9galement, sauf le memento des d\u00e9funts, ajout\u00e9 au VIII\u00b0 si\u00e8cle,<\/li>\n<li>du VI\u00b0 si\u00e8cle date le chant du Kyrie, reste d&rsquo;une litanie plus ancienne, la Deprecatio Gelasi,<\/li>\n<li>Saint Gr\u00e9goire le Grand (540-604) est cens\u00e9 avoir r\u00e9organis\u00e9 la liturgie et introduit la chant qui porte son nom,<\/li>\n<li>la r\u00e9citation syst\u00e9matique du Credo est introduite vers l&rsquo;an mil, tout comme le rite de l&rsquo;\u00e9l\u00e9vation,<\/li>\n<li>les encensements, d&rsquo;abord r\u00e9serv\u00e9s aux processions, se d\u00e9veloppent \u00e0 partir du XII\u00b0 si\u00e8cle,<\/li>\n<li>le rite de l&rsquo;offertoire est d\u00e9finitivement \u00e9labor\u00e9 au XIII\u00b0 si\u00e8cle,<\/li>\n<li>au XV\u00b0 si\u00e8cle sont ajout\u00e9es les pri\u00e8res au bas de l&rsquo;autel (r\u00e9cit\u00e9es auparavant par le pr\u00eatre pendant la procession d&rsquo;entr\u00e9e) et le dernier \u00e9vangile.<\/li>\n<\/ul>\n<p style=\"text-align: justify;\">Il n&rsquo;y a donc pas \u00e0 proprement parler de missel tridentin ou de Saint Pie V, mais une \u00e9volution longue et continue des rites, sans rupture, codifi\u00e9e au XVI\u00b0 si\u00e8cle et reprise jusqu&rsquo;au XX\u00b0 si\u00e8cle. D&rsquo;autres \u00e9volutions suivront, dont la plus notable est la r\u00e9forme des rites de la Semaine Sainte par Pie XII en 1954.<\/p>\n<h4 style=\"text-align: justify;\"><span style=\"color: #333399;\">L&#8217;emploi du latin<\/span><\/h4>\n<p style=\"text-align: justify;\"><img loading=\"lazy\" decoding=\"async\" class=\"alignleft wp-image-568 size-medium\" src=\"http:\/\/paroisse-saint-charles.fr\/WordPress3\/wp-content\/uploads\/2015\/02\/IMG_0108-2-136x300.jpg\" alt=\"\" width=\"136\" height=\"300\" data-id=\"568\" srcset=\"https:\/\/paroisse-saint-charles.fr\/WordPress3\/wp-content\/uploads\/2015\/02\/IMG_0108-2-136x300.jpg 136w, https:\/\/paroisse-saint-charles.fr\/WordPress3\/wp-content\/uploads\/2015\/02\/IMG_0108-2-464x1024.jpg 464w, https:\/\/paroisse-saint-charles.fr\/WordPress3\/wp-content\/uploads\/2015\/02\/IMG_0108-2-956x2106.jpg 956w, https:\/\/paroisse-saint-charles.fr\/WordPress3\/wp-content\/uploads\/2015\/02\/IMG_0108-2.jpg 1275w\" sizes=\"auto, (max-width: 136px) 100vw, 136px\" \/>La seconde caract\u00e9ristique de la \u00ab\u00a0messe traditionnelle\u00a0\u00bb est l&#8217;emploi du latin : il se justifie par l&rsquo;historique des rites, dont les pri\u00e8res se sont d\u00e9velopp\u00e9es dans l&#8217;empire romain finissant. L&rsquo;Eglise n&rsquo;a jamais \u00e9prouv\u00e9 le besoin de les traduire, afin d&rsquo;en pr\u00e9server le sens, qui aurait pu \u00eatre variable selon les langues et leurs \u00e9volutions continues. L&rsquo;avantage du latin est en effet d&rsquo;\u00eatre une langue morte, qui n&rsquo;est donc plus sujette \u00e0 de tels changements, ce qui permet l&rsquo;usage des formules remontant \u00e0 la fin de l&rsquo;antiquit\u00e9, afin que la r\u00e8gle de la pri\u00e8re corresponde \u00e0 la r\u00e8gle de la Foi, une Foi invariable et constante. Inversement, nous aurions bien du mal \u00e0 utiliser aujourd&rsquo;hui un missel fran\u00e7ais du XVII\u00b0 si\u00e8cle, car le fran\u00e7ais d&rsquo;aujourd&rsquo;hui n&rsquo;est plus celui de Racine.<\/p>\n<p style=\"text-align: justify;\">L&rsquo;autre avantage du latin est que, n&rsquo;\u00e9tant plus la langue de personne, il a retrouv\u00e9 la valeur qui \u00e9tait la sienne \u00e0 l&rsquo;origine, \u00e0 savoir \u00eatre la langue de tous, exprimant ainsi directement le caract\u00e8re catholique, c&rsquo;est \u00e0 dire universel, de l&rsquo;Eglise.<\/p>\n<p style=\"text-align: justify;\">Enfin il convient de souligner que le concile Vatican II a express\u00e9ment ordonn\u00e9, dans la constitution Sacrosanctum Concilium, que l&rsquo;usage du latin sera conserv\u00e9 dans la liturgie latine, prise dans cette acception en opposition avec les liturgies orientales.<\/p>\n<h4 style=\"text-align: justify;\"><span style=\"color: #333399;\">Dos au peuple ?<\/span><\/h4>\n<p style=\"text-align: justify;\">Enfin m\u00eame l&rsquo;observateur le moins attentif aura remarqu\u00e9 que, dans notre \u00e9glise de Marseille, la messe traditionnelle est c\u00e9l\u00e9br\u00e9e \u00ab\u00a0dos au peuple\u00a0\u00bb.<\/p>\n<p style=\"text-align: justify;\">En fait l&rsquo;expression est incorrecte : le pr\u00eatre est face \u00e0 l&rsquo;autel, symbole visible du Christ pr\u00e9sent au milieu de son Eglise. C&rsquo;est d&rsquo;ailleurs pour cela que sont plac\u00e9s sur l&rsquo;autel la Croix et le tabernacle qui renferme le Corps du Christ. Ainsi plac\u00e9 \u00e0 la t\u00eate du peuple chr\u00e9tien, et tourn\u00e9 dans le m\u00eame sens que lui, le pr\u00eatre appara\u00eet comme celui qui doit guider les fid\u00e8les vers le Seigneur et comme un \u00ab\u00a0alter Christus\u00a0\u00bb qui offre le Sacrifice non sanglant sur l&rsquo;autel.<\/p>\n<p style=\"text-align: justify;\">Ce symbole \u00e9tait encore plus riche \u00e0 l&rsquo;\u00e9poque o\u00f9 toutes les \u00e9glises \u00e9taient orient\u00e9es vers l&rsquo;Est et o\u00f9 pr\u00eatre et fid\u00e8les regardaient ensemble vers le soleil levant, signe du \u00ab\u00a0Christ, Soleil levant qui illumine les nations\u00a0\u00bb.<\/p>\n<p style=\"text-align: justify;\"><img loading=\"lazy\" decoding=\"async\" class=\"alignleft wp-image-567 size-medium\" src=\"http:\/\/paroisse-saint-charles.fr\/WordPress3\/wp-content\/uploads\/2015\/02\/DSC_0490-200x300.jpg\" alt=\"DSC_0490\" width=\"200\" height=\"300\" data-id=\"567\" srcset=\"https:\/\/paroisse-saint-charles.fr\/WordPress3\/wp-content\/uploads\/2015\/02\/DSC_0490-200x300.jpg 200w, https:\/\/paroisse-saint-charles.fr\/WordPress3\/wp-content\/uploads\/2015\/02\/DSC_0490-682x1024.jpg 682w, https:\/\/paroisse-saint-charles.fr\/WordPress3\/wp-content\/uploads\/2015\/02\/DSC_0490-956x1434.jpg 956w\" sizes=\"auto, (max-width: 200px) 100vw, 200px\" \/>Il est \u00e0 noter que le missel de 1969 ne rend pas obligatoire la c\u00e9l\u00e9bration \u00ab\u00a0face au peuple\u00a0\u00bb qui n&rsquo;est conforme \u00e0 aucune pratique ant\u00e9rieure, m\u00eame tr\u00e8s ancienne. Outre le fait que l&rsquo;on peut tr\u00e8s bien dire la messe dite \u00ab\u00a0de Paul VI\u00a0\u00bb face \u00e0 l&rsquo;autel (ce que le Pape lui-m\u00eame fait tr\u00e8s r\u00e9guli\u00e8rement, notamment dans la chapelle Sixtine), la messe a toujours \u00e9t\u00e9 c\u00e9l\u00e9br\u00e9e face au Levant, m\u00eame dans les vieilles basiliques romaines, dont l&rsquo;entr\u00e9e est pr\u00e9cis\u00e9ment \u00e0 l&rsquo;Est, ce qui oblige le c\u00e9l\u00e9brant \u00e0 avoir les fid\u00e8les devant lui, tout en regardant vers l&rsquo;Orient (et non vers les fid\u00e8les, sauf accidentellement).<\/p>\n<p style=\"text-align: justify;\">Tels sont les grands traits qui caract\u00e9risent la liturgie dite traditionnelle, h\u00e9riti\u00e8re d&rsquo;une tr\u00e8s longue \u00e9volution historique. D&rsquo;autres pourraient \u00eatre d\u00e9velopp\u00e9s, mais ne peuvent trouver leur place dans cette pr\u00e9sentation sommaire : quelques diff\u00e9rences de calendrier, la proclamation d&rsquo;une seule lecture avant l&rsquo;\u00e9vangile, le nombre des g\u00e9nuflexions et signes de croix, la mani\u00e8re de recevoir la communion (exclusivement sur la langue et si possible \u00e0 genoux).<\/p>\n<p style=\"text-align: justify;\">En tout \u00e9tat de cause, et quelle que soit la forme pratiqu\u00e9e, ordinaire ou extraordinaire, ou le rite mis en \u0153uvre (romain, ambrosien, lyonnais, de Braga, mozarabe, dominicain, cartusien, pour ne citer que les latins),\u00a0 la liturgie constitue, selon les enseignements du dernier concile, la source et le sommet de la vie de l&rsquo;Eglise, sur laquelle il nous faut donc veiller avec un soin jaloux.<\/p>\n<p style=\"text-align: justify;\">Souvenons-nous que dans l&rsquo;Eglise Catholique, il y a 23 rites officiellement reconnus (la forme ordinaire n&rsquo;\u00e9tant qu&rsquo;une sous division de l&rsquo;unique rite romain, lui-m\u00eame une sous division du rite latin). Cette diversit\u00e9 permise par l&rsquo;Eglise manifeste l&rsquo;in\u00e9puisable richesse du Dieu\u00a0qui est c\u00e9l\u00e9br\u00e9 \u00e0 travers ces myst\u00e8res. Gardons-nous donc d&rsquo;absolutiser un rite par opposition \u00e0 un autre, mais t\u00e2chons de d\u00e9couvrir les richesses propres \u00e0 chaque forme afin de vivre l&rsquo;enrichissement mutuel auquel nous invitait le pape Benoit XVI dans son motu proprio de 2007<\/p>\n<p style=\"text-align: justify;\">Concluons enfin avec ces mots du Bienheureux Charles de Foucauld : \u00ab\u00a0<em>Une seule messe glorifie plus Dieu que ne le ferait le martyre de tous les hommes unis aux louanges de tous les anges et de tous les Saints.\u00a0\u00bb.<\/em><\/p>\n<p style=\"text-align: justify;\">Retrouvez tous les horaires de la messe traditionnelle \u00e0 Marseille, dans notre paroisse Saint-Charles, <a title=\"Les horaires de la messe traditionnelle \u00e0 Marseille\" href=\"http:\/\/www.paroisse-saint-charles.fr\/horaires\/\">en cliquant ici<\/a>.<\/p>\n","protected":false},"excerpt":{"rendered":"<p>La liturgie traditionnelle ? On entend souvent parler de nos jours de \u00ab\u00a0liturgie traditionnelle\u00a0\u00bb, \u00ab\u00a0messe traditionnelle\u00a0\u00bb, \u00ab\u00a0messe en latin\u00a0\u00bb, \u00ab\u00a0messe dos au peuple\u00a0\u00bb, \u00ab\u00a0messe de toujours\u00a0\u00bb, \u00ab\u00a0messe de Saint Pie V\u00a0\u00bb, \u00ab\u00a0messe tridentine\u00a0\u00bb, \u00ab\u00a0forme extraordinaire\u00a0\u00bb, par opposition \u00e0 \u00ab\u00a0la messe&#8230;<br \/><a class=\"read-more-button\" href=\"https:\/\/paroisse-saint-charles.fr\/WordPress3\/messe-traditionnelle-marseille\/\">Savoir plus<\/a><\/p>\n","protected":false},"author":4,"featured_media":27,"parent":0,"menu_order":0,"comment_status":"closed","ping_status":"closed","template":"","meta":{"footnotes":""},"class_list":["post-564","page","type-page","status-publish","has-post-thumbnail","hentry"],"_links":{"self":[{"href":"https:\/\/paroisse-saint-charles.fr\/WordPress3\/wp-json\/wp\/v2\/pages\/564","targetHints":{"allow":["GET"]}}],"collection":[{"href":"https:\/\/paroisse-saint-charles.fr\/WordPress3\/wp-json\/wp\/v2\/pages"}],"about":[{"href":"https:\/\/paroisse-saint-charles.fr\/WordPress3\/wp-json\/wp\/v2\/types\/page"}],"author":[{"embeddable":true,"href":"https:\/\/paroisse-saint-charles.fr\/WordPress3\/wp-json\/wp\/v2\/users\/4"}],"replies":[{"embeddable":true,"href":"https:\/\/paroisse-saint-charles.fr\/WordPress3\/wp-json\/wp\/v2\/comments?post=564"}],"version-history":[{"count":16,"href":"https:\/\/paroisse-saint-charles.fr\/WordPress3\/wp-json\/wp\/v2\/pages\/564\/revisions"}],"predecessor-version":[{"id":673,"href":"https:\/\/paroisse-saint-charles.fr\/WordPress3\/wp-json\/wp\/v2\/pages\/564\/revisions\/673"}],"wp:featuredmedia":[{"embeddable":true,"href":"https:\/\/paroisse-saint-charles.fr\/WordPress3\/wp-json\/wp\/v2\/media\/27"}],"wp:attachment":[{"href":"https:\/\/paroisse-saint-charles.fr\/WordPress3\/wp-json\/wp\/v2\/media?parent=564"}],"curies":[{"name":"wp","href":"https:\/\/api.w.org\/{rel}","templated":true}]}}